{"id":5108,"date":"2024-09-11T00:01:12","date_gmt":"2024-09-11T00:01:12","guid":{"rendered":"https:\/\/traktorsro.sk\/?post_type=product&#038;p=5108"},"modified":"2026-01-19T09:22:09","modified_gmt":"2026-01-19T09:22:09","slug":"vst-918-kabinou","status":"publish","type":"product","link":"https:\/\/traktorsro.sk\/de\/traktory\/nove-traktory\/vst-918-kabinou\/","title":{"rendered":"VST 918 s kab\u00ednou"},"content":{"rendered":"<div class=\"nolwrap\">\t\t<div data-elementor-type=\"product-post\" data-elementor-id=\"5108\" class=\"elementor elementor-5108\" data-elementor-post-type=\"product\">\n\t\t\t\t<div class=\"elementor-element elementor-element-754d317f e-flex e-con-boxed e-con e-parent\" data-id=\"754d317f\" data-element_type=\"container\" data-e-type=\"container\">\r\n\t\t\t\t\t<div class=\"e-con-inner\">\r\n\t\t\t\t<div class=\"elementor-element elementor-element-6a84b039 elementor-widget elementor-widget-text-editor\" data-id=\"6a84b039\" data-element_type=\"widget\" data-e-type=\"widget\" data-widget_type=\"text-editor.default\">\n\t\t\t\t<div class=\"elementor-widget-container\">\n\t\t\t\t\t\t\t\t\tObjavte silu a v\u0161estrannos\u0165 traktora <strong>VST 918 s kab\u00ednou<\/strong>! Tento kompaktn\u00fd, ale v\u00fdkonn\u00fd traktor je ide\u00e1lnou vo\u013ebou pre z\u00e1hradn\u00edctvo aj po\u013enohospod\u00e1rske pr\u00e1ce. <strong>VST 918 s kab\u00ednou<\/strong> kombinuje spo\u013eahlivos\u0165, efekt\u00edvnos\u0165 a pohodlie, aby bola pr\u00e1ca jednoduch\u00e1 a efekt\u00edvna.\r\n\r\nTraktory z na\u0161ej ponuky s\u00fa poskytovan\u00e9 s origin\u00e1lnymi pneumatikami AGRO. V pr\u00edpade, ak m\u00e1te z\u00e1ujem o tr\u00e1vnikov\u00e9 alebo priemyseln\u00e9 pneumatiky, je mo\u017enos\u0165 ich v\u00fdmeny! Doplatok za v\u00fdmenu pneumat\u00edk AGRO za <strong>tr\u00e1vnikov\u00e9\u00a0pneumatiky<\/strong> je <strong>399\u20ac + DPH<\/strong> a za <strong>priemyseln\u00e9 pneumatiky 599\u20ac + DPH<\/strong>. Suma bude pripo\u010d\u00edtan\u00e1 k aktu\u00e1lnej zverejnenej cene a traktor v\u00e1m bude poskytnut\u00fd u\u017e s vybran\u00fdmi pneumatikami.\t\t\t\t\t\t\t\t<\/div>\n\t\t\t\t<\/div>\n\t\t\t\t\t<\/div>\n\t\t\t\t<\/div>\n\t\t<div class=\"elementor-element elementor-element-057d6c6 e-flex e-con-boxed e-con e-parent\" data-id=\"057d6c6\" data-element_type=\"container\" data-e-type=\"container\">\r\n\t\t\t\t\t<div class=\"e-con-inner\">\r\n\t\t\t\t<div class=\"elementor-element elementor-element-b2cbece elementor-widget elementor-widget-video\" data-id=\"b2cbece\" data-element_type=\"widget\" data-e-type=\"widget\" data-settings=\"{&quot;youtube_url&quot;:&quot;https:\\\/\\\/youtu.be\\\/mxyemAGa-Ik&quot;,&quot;video_type&quot;:&quot;youtube&quot;,&quot;controls&quot;:&quot;yes&quot;}\" data-widget_type=\"video.default\">\n\t\t\t\t<div class=\"elementor-widget-container\">\n\t\t\t\t\t\t\t<div class=\"elementor-wrapper elementor-open-inline\">\n\t\t\t<div class=\"elementor-video\"><\/div>\t\t<\/div>\n\t\t\t\t\t\t<\/div>\n\t\t\t\t<\/div>\n\t\t\t\t\t<\/div>\n\t\t\t\t<\/div>\n\t\t\t\t<\/div>\n\t\t<\/div>","protected":false},"excerpt":{"rendered":"<p>VST 918 s kab\u00ednou je kompaktn\u00fd a spo\u013eahliv\u00fd traktor ur\u010den\u00fd pre men\u0161ie po\u013enohospod\u00e1rske pr\u00e1ce, z\u00e1hradn\u00edctvo a celoro\u010dn\u00fa \u00fadr\u017ebu pozemkov. Oproti z\u00e1kladnej verzii pon\u00faka uzavret\u00fa kab\u00ednu, ktor\u00e1 zabezpe\u010duje vy\u0161\u0161\u00ed komfort obsluhy a ochranu pred nepriazniv\u00fdmi poveternostn\u00fdmi podmienkami po\u010das celej sez\u00f3ny.<\/p>\n<p>V\u010faka kompaktn\u00fdm rozmerom a v\u00fdbornej man\u00e9vrovate\u013enosti je ide\u00e1lny na pr\u00e1cu v \u00fazkych priestoroch, sadoch, viniciach alebo v okol\u00ed budov. VST 918 s kab\u00ednou je navrhnut\u00fd s d\u00f4razom na jednoduch\u00fa obsluhu, n\u00edzke prev\u00e1dzkov\u00e9 n\u00e1klady a spo\u013eahliv\u00fd v\u00fdkon pri ka\u017edodennom pou\u017e\u00edvan\u00ed. Mo\u017enos\u0165 pripojenia r\u00f4zneho pr\u00edslu\u0161enstva z neho rob\u00ed univerz\u00e1lne rie\u0161enie pre celoro\u010dn\u00e9 nasadenie.<\/p>\n<p>Hlavn\u00e9 v\u00fdhody:<\/p>\n<ul>\n<li>uzavret\u00e1 kab\u00edna pre vy\u0161\u0161\u00ed komfort a ochranu obsluhy<\/li>\n<li>kompaktn\u00e9 rozmery a v\u00fdborn\u00e1 ovl\u00e1date\u013enos\u0165<\/li>\n<li>spo\u013eahliv\u00fd v\u00fdkon pre ka\u017edodenn\u00e9 pou\u017eitie<\/li>\n<li>n\u00edzke prev\u00e1dzkov\u00e9 n\u00e1klady<\/li>\n<li>univerz\u00e1lne vyu\u017eitie s r\u00f4znym pr\u00edslu\u0161enstvom<\/li>\n<\/ul>\n","protected":false},"featured_media":5114,"template":"","meta":{"_acf_changed":false},"traktor":[214,218,229,200,234,204,136,211,274,228,300,213,298,105,183,199,217,301,233,202,135,101,237,141,156,103,258,155,171,140,272,102,257,210],"product_brand":[],"product_cat":[97,99],"product_tag":[],"class_list":{"0":"post-5108","1":"product","2":"type-product","3":"status-publish","4":"has-post-thumbnail","6":"traktor-214","7":"traktor-vpred-6-vzad-2","8":"traktor-4-wd","9":"traktor-nie-prepinac-smeru-jazdy","10":"traktor-0-novy","11":"traktor-2-vpravo","12":"traktor-volitelne-od-vyrobcu","13":"traktor-ano-posilnovac-riadenia","14":"traktor-nie-bezpecnostny-ochranny-ram","15":"traktor-pohon","16":"traktor-vst","17":"traktor-pocet-valcov","18":"traktor-znacka","19":"traktor-ano-kabina","20":"traktor-109-cm","21":"traktor-prepinac-smeru-jazdy","22":"traktor-pocet-prevodovych-stupnod","23":"traktor-968-kg","24":"traktor-najazdene-hodin","25":"traktor-hriadele","26":"traktor-kultivator","27":"traktor-typ","28":"traktor-hmotnost","29":"traktor-8-18","30":"traktor-5-12","31":"traktor-kabina","32":"traktor-18-5-hp","33":"traktor-rozmer-prednych-kolies","34":"traktor-sirka","35":"traktor-rozmer-zadnych-kolies","36":"traktor-bezpecnostny-ochranny-ram","37":"traktor-102","38":"traktor-vykon-hp","39":"traktor-posilnovac-riadenia","40":"product_cat-nove-traktory","41":"product_cat-traktory","43":"first","44":"instock","45":"taxable","46":"shipping-taxable","47":"purchasable","48":"product-type-wccpp_composite_product"},"acf":[],"yoast_head":"<!-- This site is optimized with the Yoast SEO plugin v27.1.1 - https:\/\/yoast.com\/product\/yoast-seo-wordpress\/ -->\n<title>VST 918 s kab\u00ednou - TRAKTOR s.r.o.<\/title>\n<meta name=\"description\" content=\"VST 918 s kab\u00ednou \u2013 kompaktn\u00fd traktor s uzavretou kab\u00ednou pre celoro\u010dn\u00e9 pr\u00e1ce. Komfortn\u00e1 obsluha, spo\u013eahliv\u00fd v\u00fdkon a v\u0161estrann\u00e9 vyu\u017eitie.\" \/>\n<meta name=\"robots\" content=\"index, follow, max-snippet:-1, max-image-preview:large, max-video-preview:-1\" \/>\n<link rel=\"canonical\" href=\"https:\/\/traktorsro.sk\/de\/traktory\/nove-traktory\/vst-918-kabinou\/\" \/>\n<meta property=\"og:locale\" content=\"de_DE\" \/>\n<meta property=\"og:type\" content=\"article\" \/>\n<meta property=\"og:title\" content=\"VST 918 s kab\u00ednou - TRAKTOR s.r.o.\" \/>\n<meta property=\"og:description\" content=\"VST 918 s kab\u00ednou \u2013 kompaktn\u00fd traktor s uzavretou kab\u00ednou pre celoro\u010dn\u00e9 pr\u00e1ce. Komfortn\u00e1 obsluha, spo\u013eahliv\u00fd v\u00fdkon a v\u0161estrann\u00e9 vyu\u017eitie.\" \/>\n<meta property=\"og:url\" content=\"https:\/\/traktorsro.sk\/de\/traktory\/nove-traktory\/vst-918-kabinou\/\" \/>\n<meta property=\"og:site_name\" content=\"TRAKTOR s.r.o.\" \/>\n<meta property=\"article:modified_time\" content=\"2026-01-19T09:22:09+00:00\" \/>\n<meta property=\"og:image\" content=\"https:\/\/traktorsro.sk\/wp-content\/uploads\/2024\/09\/img_6397.jpg\" \/>\n\t<meta property=\"og:image:width\" content=\"1024\" \/>\n\t<meta property=\"og:image:height\" content=\"768\" \/>\n\t<meta property=\"og:image:type\" content=\"image\/jpeg\" \/>\n<meta name=\"twitter:card\" content=\"summary_large_image\" \/>\n<meta name=\"twitter:label1\" content=\"Gesch\u00e4tzte Lesezeit\" \/>\n\t<meta name=\"twitter:data1\" content=\"1\u00a0Minute\" \/>\n<script type=\"application\/ld+json\" class=\"yoast-schema-graph\">{\"@context\":\"https:\/\/schema.org\",\"@graph\":[{\"@type\":\"WebPage\",\"@id\":\"https:\/\/traktorsro.sk\/de\/traktory\/nove-traktory\/vst-918-kabinou\/\",\"url\":\"https:\/\/traktorsro.sk\/de\/traktory\/nove-traktory\/vst-918-kabinou\/\",\"name\":\"VST 918 s kab\u00ednou - TRAKTOR s.r.o.\",\"isPartOf\":{\"@id\":\"https:\/\/traktorsro.sk\/de\/#website\"},\"primaryImageOfPage\":{\"@id\":\"https:\/\/traktorsro.sk\/de\/traktory\/nove-traktory\/vst-918-kabinou\/#primaryimage\"},\"image\":{\"@id\":\"https:\/\/traktorsro.sk\/de\/traktory\/nove-traktory\/vst-918-kabinou\/#primaryimage\"},\"thumbnailUrl\":\"https:\/\/traktorsro.sk\/wp-content\/uploads\/2024\/09\/img_6397.jpg\",\"datePublished\":\"2024-09-11T00:01:12+00:00\",\"dateModified\":\"2026-01-19T09:22:09+00:00\",\"description\":\"VST 918 s kab\u00ednou \u2013 kompaktn\u00fd traktor s uzavretou kab\u00ednou pre celoro\u010dn\u00e9 pr\u00e1ce. Komfortn\u00e1 obsluha, spo\u013eahliv\u00fd v\u00fdkon a v\u0161estrann\u00e9 vyu\u017eitie.\",\"breadcrumb\":{\"@id\":\"https:\/\/traktorsro.sk\/de\/traktory\/nove-traktory\/vst-918-kabinou\/#breadcrumb\"},\"inLanguage\":\"de\",\"potentialAction\":[{\"@type\":\"ReadAction\",\"target\":[\"https:\/\/traktorsro.sk\/de\/traktory\/nove-traktory\/vst-918-kabinou\/\"]}]},{\"@type\":\"ImageObject\",\"inLanguage\":\"de\",\"@id\":\"https:\/\/traktorsro.sk\/de\/traktory\/nove-traktory\/vst-918-kabinou\/#primaryimage\",\"url\":\"https:\/\/traktorsro.sk\/wp-content\/uploads\/2024\/09\/img_6397.jpg\",\"contentUrl\":\"https:\/\/traktorsro.sk\/wp-content\/uploads\/2024\/09\/img_6397.jpg\",\"width\":1024,\"height\":768},{\"@type\":\"BreadcrumbList\",\"@id\":\"https:\/\/traktorsro.sk\/de\/traktory\/nove-traktory\/vst-918-kabinou\/#breadcrumb\",\"itemListElement\":[{\"@type\":\"ListItem\",\"position\":1,\"name\":\"Domovsk\u00e1 str\u00e1nka\",\"item\":\"https:\/\/traktorsro.sk\/de\/\"},{\"@type\":\"ListItem\",\"position\":2,\"name\":\"Shop\",\"item\":\"https:\/\/traktorsro.sk\/shop\/\"},{\"@type\":\"ListItem\",\"position\":3,\"name\":\"VST 918 s kab\u00ednou\"}]},{\"@type\":\"WebSite\",\"@id\":\"https:\/\/traktorsro.sk\/de\/#website\",\"url\":\"https:\/\/traktorsro.sk\/de\/\",\"name\":\"Vitajte na str\u00e1nke Traktor s.r.o.!\",\"description\":\"Vitajte na na\u0161ej str\u00e1nke!\",\"potentialAction\":[{\"@type\":\"SearchAction\",\"target\":{\"@type\":\"EntryPoint\",\"urlTemplate\":\"https:\/\/traktorsro.sk\/de\/?s={search_term_string}\"},\"query-input\":{\"@type\":\"PropertyValueSpecification\",\"valueRequired\":true,\"valueName\":\"search_term_string\"}}],\"inLanguage\":\"de\"}]}<\/script>\n<!-- \/ Yoast SEO plugin. -->","yoast_head_json":{"title":"VST 918 s kab\u00ednou - TRAKTOR s.r.o.","description":"VST 918 s kab\u00ednou \u2013 kompaktn\u00fd traktor s uzavretou kab\u00ednou pre celoro\u010dn\u00e9 pr\u00e1ce. Komfortn\u00e1 obsluha, spo\u013eahliv\u00fd v\u00fdkon a v\u0161estrann\u00e9 vyu\u017eitie.","robots":{"index":"index","follow":"follow","max-snippet":"max-snippet:-1","max-image-preview":"max-image-preview:large","max-video-preview":"max-video-preview:-1"},"canonical":"https:\/\/traktorsro.sk\/de\/traktory\/nove-traktory\/vst-918-kabinou\/","og_locale":"de_DE","og_type":"article","og_title":"VST 918 s kab\u00ednou - TRAKTOR s.r.o.","og_description":"VST 918 s kab\u00ednou \u2013 kompaktn\u00fd traktor s uzavretou kab\u00ednou pre celoro\u010dn\u00e9 pr\u00e1ce. Komfortn\u00e1 obsluha, spo\u013eahliv\u00fd v\u00fdkon a v\u0161estrann\u00e9 vyu\u017eitie.","og_url":"https:\/\/traktorsro.sk\/de\/traktory\/nove-traktory\/vst-918-kabinou\/","og_site_name":"TRAKTOR s.r.o.","article_modified_time":"2026-01-19T09:22:09+00:00","og_image":[{"width":1024,"height":768,"url":"https:\/\/traktorsro.sk\/wp-content\/uploads\/2024\/09\/img_6397.jpg","type":"image\/jpeg"}],"twitter_card":"summary_large_image","twitter_misc":{"Gesch\u00e4tzte Lesezeit":"1\u00a0Minute"},"schema":{"@context":"https:\/\/schema.org","@graph":[{"@type":"WebPage","@id":"https:\/\/traktorsro.sk\/de\/traktory\/nove-traktory\/vst-918-kabinou\/","url":"https:\/\/traktorsro.sk\/de\/traktory\/nove-traktory\/vst-918-kabinou\/","name":"VST 918 s kab\u00ednou - TRAKTOR s.r.o.","isPartOf":{"@id":"https:\/\/traktorsro.sk\/de\/#website"},"primaryImageOfPage":{"@id":"https:\/\/traktorsro.sk\/de\/traktory\/nove-traktory\/vst-918-kabinou\/#primaryimage"},"image":{"@id":"https:\/\/traktorsro.sk\/de\/traktory\/nove-traktory\/vst-918-kabinou\/#primaryimage"},"thumbnailUrl":"https:\/\/traktorsro.sk\/wp-content\/uploads\/2024\/09\/img_6397.jpg","datePublished":"2024-09-11T00:01:12+00:00","dateModified":"2026-01-19T09:22:09+00:00","description":"VST 918 s kab\u00ednou \u2013 kompaktn\u00fd traktor s uzavretou kab\u00ednou pre celoro\u010dn\u00e9 pr\u00e1ce. Komfortn\u00e1 obsluha, spo\u013eahliv\u00fd v\u00fdkon a v\u0161estrann\u00e9 vyu\u017eitie.","breadcrumb":{"@id":"https:\/\/traktorsro.sk\/de\/traktory\/nove-traktory\/vst-918-kabinou\/#breadcrumb"},"inLanguage":"de","potentialAction":[{"@type":"ReadAction","target":["https:\/\/traktorsro.sk\/de\/traktory\/nove-traktory\/vst-918-kabinou\/"]}]},{"@type":"ImageObject","inLanguage":"de","@id":"https:\/\/traktorsro.sk\/de\/traktory\/nove-traktory\/vst-918-kabinou\/#primaryimage","url":"https:\/\/traktorsro.sk\/wp-content\/uploads\/2024\/09\/img_6397.jpg","contentUrl":"https:\/\/traktorsro.sk\/wp-content\/uploads\/2024\/09\/img_6397.jpg","width":1024,"height":768},{"@type":"BreadcrumbList","@id":"https:\/\/traktorsro.sk\/de\/traktory\/nove-traktory\/vst-918-kabinou\/#breadcrumb","itemListElement":[{"@type":"ListItem","position":1,"name":"Domovsk\u00e1 str\u00e1nka","item":"https:\/\/traktorsro.sk\/de\/"},{"@type":"ListItem","position":2,"name":"Shop","item":"https:\/\/traktorsro.sk\/shop\/"},{"@type":"ListItem","position":3,"name":"VST 918 s kab\u00ednou"}]},{"@type":"WebSite","@id":"https:\/\/traktorsro.sk\/de\/#website","url":"https:\/\/traktorsro.sk\/de\/","name":"Vitajte na str\u00e1nke Traktor s.r.o.!","description":"Vitajte na na\u0161ej str\u00e1nke!","potentialAction":[{"@type":"SearchAction","target":{"@type":"EntryPoint","urlTemplate":"https:\/\/traktorsro.sk\/de\/?s={search_term_string}"},"query-input":{"@type":"PropertyValueSpecification","valueRequired":true,"valueName":"search_term_string"}}],"inLanguage":"de"}]}},"_links":{"self":[{"href":"https:\/\/traktorsro.sk\/de\/wp-json\/wp\/v2\/product\/5108","targetHints":{"allow":["GET"]}}],"collection":[{"href":"https:\/\/traktorsro.sk\/de\/wp-json\/wp\/v2\/product"}],"about":[{"href":"https:\/\/traktorsro.sk\/de\/wp-json\/wp\/v2\/types\/product"}],"version-history":[{"count":8,"href":"https:\/\/traktorsro.sk\/de\/wp-json\/wp\/v2\/product\/5108\/revisions"}],"predecessor-version":[{"id":7065,"href":"https:\/\/traktorsro.sk\/de\/wp-json\/wp\/v2\/product\/5108\/revisions\/7065"}],"wp:featuredmedia":[{"embeddable":true,"href":"https:\/\/traktorsro.sk\/de\/wp-json\/wp\/v2\/media\/5114"}],"wp:attachment":[{"href":"https:\/\/traktorsro.sk\/de\/wp-json\/wp\/v2\/media?parent=5108"}],"wp:term":[{"taxonomy":"traktor","embeddable":true,"href":"https:\/\/traktorsro.sk\/de\/wp-json\/wp\/v2\/traktor?post=5108"},{"taxonomy":"product_brand","embeddable":true,"href":"https:\/\/traktorsro.sk\/de\/wp-json\/wp\/v2\/product_brand?post=5108"},{"taxonomy":"product_cat","embeddable":true,"href":"https:\/\/traktorsro.sk\/de\/wp-json\/wp\/v2\/product_cat?post=5108"},{"taxonomy":"product_tag","embeddable":true,"href":"https:\/\/traktorsro.sk\/de\/wp-json\/wp\/v2\/product_tag?post=5108"}],"curies":[{"name":"wp","href":"https:\/\/api.w.org\/{rel}","templated":true}]}}